{"id":622,"date":"2024-05-23T23:53:56","date_gmt":"2024-05-23T21:53:56","guid":{"rendered":"https:\/\/zsjosefov.cz\/?page_id=622"},"modified":"2024-10-31T22:23:23","modified_gmt":"2024-10-31T21:23:23","slug":"pripravna-trida","status":"publish","type":"page","link":"https:\/\/zsjosefov.cz\/?page_id=622","title":{"rendered":"P\u0159\u00edpravn\u00e1 t\u0159\u00edda"},"content":{"rendered":"\t\t<div data-elementor-type=\"wp-page\" data-elementor-id=\"622\" class=\"elementor elementor-622\">\n\t\t\t\t<div class=\"elementor-element elementor-element-e6d231e e-flex e-con-boxed e-con e-parent\" data-id=\"e6d231e\" data-element_type=\"container\">\n\t\t\t\t\t<div class=\"e-con-inner\">\n\t\t\t\t<div class=\"elementor-element elementor-element-14d2dcb elementor-widget elementor-widget-text-editor\" data-id=\"14d2dcb\" data-element_type=\"widget\" data-widget_type=\"text-editor.default\">\n\t\t\t\t<div class=\"elementor-widget-container\">\n\t\t\t\t\t\t\t\t\t<p class=\"center\" style=\"margin: 0px; text-align: center; color: #000000; font-family: 'Times new roman', Arial, Helvetica, sans-serif; font-size: 15px;\"><u style=\"margin: 0px;\">P\u0158\u00cdPRAVN\u00c1 T\u0158\u00cdDA PRO \u0160KOLN\u00cd ROK 2025\/2026<\/u><\/p><p style=\"margin: 0px; color: #000000; font-family: 'Times new roman', Arial, Helvetica, sans-serif; font-size: 15px;\">Podm\u00ednky pro p\u0159ijet\u00ed \u017e\u00e1k\u016f do p\u0159\u00edpravn\u00e9 t\u0159\u00eddy stanovuje\u00a0<em style=\"margin: 0px;\">\u00a7 47 odst. 1\u00a0<\/em>z\u00e1kona \u010d. 561\/2004 Sb., o p\u0159ed\u0161koln\u00edm, z\u00e1kladn\u00edm, st\u0159edn\u00edm, vy\u0161\u0161\u00edm odborn\u00e9m a jin\u00e9m vzd\u011bl\u00e1v\u00e1n\u00ed (\u0161kolsk\u00fd z\u00e1kon), ve zn\u011bn\u00ed pozd\u011bj\u0161\u00edch p\u0159edpis\u016f.<\/p><p style=\"margin: 0px; color: #000000; font-family: 'Times new roman', Arial, Helvetica, sans-serif; font-size: 15px;\"><em style=\"margin: 0px;\">V \u00a7 47 odst. 1 prvn\u00ed v\u011bta zn\u00ed: \u201eObec, svazek obc\u00ed, kraj a registrovan\u00e1 c\u00edrkev a n\u00e1bo\u017eensk\u00e1 spole\u010dnost, kter\u00e9 bylo p\u0159izn\u00e1no opr\u00e1vn\u011bn\u00ed k v\u00fdkonu zvl\u00e1\u0161tn\u00edho pr\u00e1va z\u0159izovat c\u00edrkevn\u00ed \u0161koly\u00a0<sup style=\"margin: 0px;\">6)<\/sup>, mohou z\u0159izovat p\u0159\u00edpravn\u00e9 t\u0159\u00eddy z\u00e1kladn\u00ed \u0161koly pro d\u011bti v posledn\u00edm roce p\u0159ed zah\u00e1jen\u00edm povinn\u00e9 \u0161koln\u00ed doch\u00e1zky, u kter\u00fdch je p\u0159edpoklad, \u017ee za\u0159azen\u00ed do p\u0159\u00edpravn\u00e9 t\u0159\u00eddy vyrovn\u00e1 jejich v\u00fdvoj,\u00a0<strong style=\"margin: 0px;\">p\u0159ednostn\u011b d\u011bti<\/strong>, kter\u00fdm byl povolen odklad povinn\u00e9 \u0161koln\u00ed doch\u00e1zky.\u201c<\/em><\/p><p style=\"margin: 0px; color: #000000; font-family: 'Times new roman', Arial, Helvetica, sans-serif; font-size: 15px;\">O za\u0159azov\u00e1n\u00ed do p\u0159\u00edpravn\u00e9 t\u0159\u00eddy rozhoduje \u0159editel \u0161koly na \u017e\u00e1dost z\u00e1konn\u00e9ho z\u00e1stupce d\u00edt\u011bte a na z\u00e1klad\u011b p\u00edsemn\u00e9ho doporu\u010den\u00ed \u0161kolsk\u00e9ho poradensk\u00e9ho za\u0159\u00edzen\u00ed, kter\u00e9 k \u017e\u00e1dosti p\u0159ilo\u017e\u00ed z\u00e1konn\u00fd z\u00e1stupce.<\/p><p style=\"margin: 0px; color: #000000; font-family: 'Times new roman', Arial, Helvetica, sans-serif; font-size: 15px;\">Ve \u0161koln\u00edm roce 2024\/2025 bude otev\u0159ena jedna p\u0159\u00edpravn\u00e1 t\u0159\u00edda.<\/p><p style=\"margin: 0px; color: #000000; font-family: 'Times new roman', Arial, Helvetica, sans-serif; font-size: 15px;\">Minim\u00e1ln\u00ed po\u010det d\u011bt\u00ed v\u00a0p\u0159\u00edpravn\u00e9 t\u0159\u00edd\u011b je 10, maxim\u00e1ln\u00ed je 15.<\/p><p style=\"margin: 0px; color: #000000; font-family: 'Times new roman', Arial, Helvetica, sans-serif; font-size: 15px;\">Obsah\u00a0vzd\u011bl\u00e1v\u00e1n\u00ed v\u00a0p\u0159\u00edpravn\u00e9 t\u0159\u00edd\u011b vych\u00e1z\u00ed z\u00a0RVP PV\u00a0a je sou\u010d\u00e1st\u00ed \u0161koln\u00edho vzd\u011bl\u00e1vac\u00edho programu \u201e\u0160kola pro \u017eivot\u201c Z\u0160 Jarom\u011b\u0159 \u2013 Josefov, Vod\u00e1rensk\u00e1 370.<\/p><p style=\"margin: 0px; color: #000000; font-family: 'Times new roman', Arial, Helvetica, sans-serif; font-size: 15px;\">\u010casov\u00fd rozsah\u00a0vzd\u011bl\u00e1v\u00e1n\u00ed v\u00a0p\u0159\u00edpravn\u00e9 t\u0159\u00edd\u011b je ur\u010den po\u010dtem 20 vyu\u010dovac\u00edch hodin stanoven\u00fdch\u00a0RVP ZV pro 1. ro\u010dn\u00edk. Vzd\u011bl\u00e1v\u00e1n\u00ed prob\u00edh\u00e1 od 7:55 hodin do 11:30 hodin.<\/p><p style=\"margin: 0px; color: #000000; font-family: 'Times new roman', Arial, Helvetica, sans-serif; font-size: 15px;\">Vzd\u011bl\u00e1v\u00e1n\u00ed v\u00a0p\u0159\u00edpravn\u00e9 t\u0159\u00edd\u011b je bezplatn\u00e9.<\/p><p style=\"margin: 0px; color: #000000; font-family: 'Times new roman', Arial, Helvetica, sans-serif; font-size: 15px;\">P\u0159\u00edpravn\u00e1 t\u0159\u00edda se nezapo\u010d\u00edt\u00e1v\u00e1 do povinn\u00e9 \u0161koln\u00ed doch\u00e1zky, d\u011bti se neklasifikuj\u00ed. Na konci \u0161koln\u00edho roku se stru\u010dn\u011b slovn\u011b zhodnot\u00ed, s jak\u00fdm v\u00fdsledkem d\u00edt\u011b p\u0159\u00edpravnou t\u0159\u00eddu absolvovalo. K\u00a0dokumentaci se pou\u017e\u00edv\u00e1 t\u0159\u00eddn\u00ed v\u00fdkaz pro 1. stupe\u0148 Z\u0160, t\u0159\u00eddn\u00ed kniha a osobn\u00ed slo\u017eka d\u00edt\u011bte.<\/p><p style=\"margin: 0px; color: #000000; font-family: 'Times new roman', Arial, Helvetica, sans-serif; font-size: 15px;\">Z\u00e1m\u011brem p\u0159\u00edpravn\u00e9 t\u0159\u00eddy je individu\u00e1ln\u00ed p\u0159\u00edstup ke ka\u017ed\u00e9mu d\u00edt\u011bti, p\u0159\u00edprava jeho bezprobl\u00e9mov\u00e9ho n\u00e1stupu do 1. t\u0159\u00eddy a p\u0159edch\u00e1zen\u00ed p\u0159\u00edpadn\u00fdm ne\u00fasp\u011bch\u016fm v\u00a0za\u010d\u00e1tku \u0161koln\u00ed doch\u00e1zky.<\/p><p style=\"margin: 0px; color: #000000; font-family: 'Times new roman', Arial, Helvetica, sans-serif; font-size: 15px;\"><strong style=\"margin: 0px;\">Krit\u00e9ria p\u0159ij\u00edm\u00e1n\u00ed d\u011bt\u00ed do p\u0159\u00edpravn\u00e9 t\u0159\u00eddy:<\/strong><\/p><ol style=\"margin: 0px; color: #000000; font-family: 'Times new roman', Arial, Helvetica, sans-serif; font-size: 15px;\"><li style=\"margin: 0px;\">P\u0159ednostn\u011b d\u011bti, kter\u00fdm byl povolen odklad povinn\u00e9 \u0161koln\u00ed doch\u00e1zky.<\/li><li style=\"margin: 0px;\">D\u011bti, kter\u00e9 maj\u00ed v\u00a0Z\u0160 Jarom\u011b\u0159 \u2013 Josefov, Vod\u00e1rensk\u00e1 370 sourozence.<\/li><li style=\"margin: 0px;\">D\u011bti v posledn\u00edm roce p\u0159ed zah\u00e1jen\u00edm povinn\u00e9 \u0161koln\u00ed doch\u00e1zky s trval\u00fdm bydli\u0161t\u011bm ze sp\u00e1dov\u00e9ho obvodu Z\u0160 Jarom\u011b\u0159 \u2013 Josefov, Vod\u00e1rensk\u00e1 370.<\/li><li style=\"margin: 0px;\">D\u011bti s\u00a0trval\u00fdm bydli\u0161t\u011bm ze sp\u00e1dov\u00e9ho obvodu Z\u0160 Jarom\u011b\u0159 \u2013 Josefov, Vod\u00e1rensk\u00e1 370.<\/li><\/ol>\t\t\t\t\t\t\t\t<\/div>\n\t\t\t\t<\/div>\n\t\t\t\t\t<\/div>\n\t\t\t\t<\/div>\n\t\t<div class=\"elementor-element elementor-element-1f0a948 e-flex e-con-boxed e-con e-parent\" data-id=\"1f0a948\" data-element_type=\"container\">\n\t\t\t\t\t<div class=\"e-con-inner\">\n\t\t\t\t<div class=\"elementor-element elementor-element-5e65fd9 elementor-widget elementor-widget-text-editor\" data-id=\"5e65fd9\" data-element_type=\"widget\" data-widget_type=\"text-editor.default\">\n\t\t\t\t<div class=\"elementor-widget-container\">\n\t\t\t\t\t\t\t\t\t<p style=\"margin: 0px; color: #000000; font-family: 'Times new roman', Arial, Helvetica, sans-serif; font-size: 15px;\"><strong style=\"margin: 0px;\">Pr\u016fb\u011bh z\u00e1pisu:<\/strong><\/p><p style=\"margin: 0px; color: #000000; font-family: 'Times new roman', Arial, Helvetica, sans-serif; font-size: 15px;\"><strong style=\"margin: 0px;\">Term\u00edn z\u00e1pisu do p\u0159\u00edpravn\u00e9 t\u0159\u00eddy pro \u0161koln\u00ed rok 2025\/2026 bude prokazateln\u00fdm zp\u016fsobem ozn\u00e1men z\u00e1konn\u00fdm z\u00e1stupc\u016fm d\u011bt\u00ed.<\/strong><\/p><ol style=\"margin: 0px; color: #000000; font-family: 'Times new roman', Arial, Helvetica, sans-serif; font-size: 15px;\"><li style=\"margin: 0px;\">\u00da\u010dast d\u00edt\u011bte u z\u00e1pisu do p\u0159\u00edpravn\u00e9 t\u0159\u00eddy nen\u00ed nutn\u00e1.<\/li><li style=\"margin: 0px;\">Z\u00e1konn\u00fd z\u00e1stupce u z\u00e1pisu vypln\u00ed \u017e\u00e1dost o p\u0159ijet\u00ed do p\u0159\u00edpravn\u00e9 t\u0159\u00eddy.<\/li><li style=\"margin: 0px;\">Z\u00e1konn\u00fd z\u00e1stupce u z\u00e1pisu p\u0159edlo\u017e\u00ed:<br \/><ul style=\"margin: 0px;\"><li style=\"margin: 0px;\">sv\u016fj pr\u016fkaz toto\u017enosti,<\/li><li style=\"margin: 0px;\">rodn\u00fd list d\u00edt\u011bte,<\/li><li style=\"margin: 0px;\">doporu\u010den\u00ed \u0161kolsk\u00e9ho poradensk\u00e9ho za\u0159\u00edzen\u00ed k odkladu \u0161koln\u00ed doch\u00e1zky, pokud ji\u017e toto doporu\u010den\u00ed obdr\u017eel, nebo<\/li><li style=\"margin: 0px;\">doporu\u010den\u00ed \u0161kolsk\u00e9ho poradensk\u00e9ho za\u0159\u00edzen\u00ed k za\u0159azen\u00ed d\u00edt\u011bte do p\u0159\u00edpravn\u00e9 t\u0159\u00eddy, pokud ji\u017e toto doporu\u010den\u00ed obdr\u017eel.<\/li><\/ul><\/li><li style=\"margin: 0px;\">Rozhodnut\u00ed o p\u0159ijet\u00ed nebo nep\u0159ijet\u00ed bude ozn\u00e1meno z\u00e1konn\u00fdm z\u00e1stupc\u016fm.<\/li><li style=\"margin: 0px;\">Rodi\u010de, kte\u0159\u00ed obdr\u017e\u00ed rozhodnut\u00ed o p\u0159ijet\u00ed d\u00edt\u011bte do p\u0159\u00edpravn\u00e9 t\u0159\u00eddy, budou t\u0159\u00eddn\u00ed u\u010ditelkou informov\u00e1ni o organizaci \u010dinnost\u00ed v p\u0159\u00edpravn\u00e9 t\u0159\u00edd\u011b.<\/li><\/ol>\t\t\t\t\t\t\t\t<\/div>\n\t\t\t\t<\/div>\n\t\t\t\t\t<\/div>\n\t\t\t\t<\/div>\n\t\t\t\t<\/div>\n\t\t","protected":false},"excerpt":{"rendered":"<p>P\u0158\u00cdPRAVN\u00c1 T\u0158\u00cdDA PRO \u0160KOLN\u00cd ROK 2025\/2026 Podm\u00ednky pro p\u0159ijet\u00ed \u017e\u00e1k\u016f do p\u0159\u00edpravn\u00e9 t\u0159\u00eddy stanovuje\u00a0\u00a7 47 odst. 1\u00a0z\u00e1kona \u010d. 561\/2004 Sb., o p\u0159ed\u0161koln\u00edm, z\u00e1kladn\u00edm, st\u0159edn\u00edm, vy\u0161\u0161\u00edm odborn\u00e9m a jin\u00e9m vzd\u011bl\u00e1v\u00e1n\u00ed (\u0161kolsk\u00fd z\u00e1kon), ve zn\u011bn\u00ed pozd\u011bj\u0161\u00edch p\u0159edpis\u016f. V \u00a7 47 odst. 1 prvn\u00ed v\u011bta zn\u00ed: \u201eObec, svazek obc\u00ed, kraj a registrovan\u00e1 c\u00edrkev a n\u00e1bo\u017eensk\u00e1 spole\u010dnost, kter\u00e9 bylo [&hellip;]<\/p>\n","protected":false},"author":1,"featured_media":0,"parent":0,"menu_order":0,"comment_status":"closed","ping_status":"closed","template":"","meta":{"footnotes":""},"class_list":["post-622","page","type-page","status-publish","hentry"],"yoast_head":"<!-- This site is optimized with the Yoast SEO plugin v24.3 - https:\/\/yoast.com\/wordpress\/plugins\/seo\/ -->\n<title>P\u0159\u00edpravn\u00e1 t\u0159\u00edda - Z\u00e1kladn\u00ed \u0161kola Jarom\u011b\u0159 - Josefov<\/title>\n<meta name=\"robots\" content=\"index, follow, max-snippet:-1, max-image-preview:large, max-video-preview:-1\" \/>\n<link rel=\"canonical\" href=\"https:\/\/zsjosefov.cz\/?page_id=622\" \/>\n<meta property=\"og:locale\" content=\"cs_CZ\" \/>\n<meta property=\"og:type\" content=\"article\" \/>\n<meta property=\"og:title\" content=\"P\u0159\u00edpravn\u00e1 t\u0159\u00edda - Z\u00e1kladn\u00ed \u0161kola Jarom\u011b\u0159 - Josefov\" \/>\n<meta property=\"og:description\" content=\"P\u0158\u00cdPRAVN\u00c1 T\u0158\u00cdDA PRO \u0160KOLN\u00cd ROK 2025\/2026 Podm\u00ednky pro p\u0159ijet\u00ed \u017e\u00e1k\u016f do p\u0159\u00edpravn\u00e9 t\u0159\u00eddy stanovuje\u00a0\u00a7 47 odst. 1\u00a0z\u00e1kona \u010d. 561\/2004 Sb., o p\u0159ed\u0161koln\u00edm, z\u00e1kladn\u00edm, st\u0159edn\u00edm, vy\u0161\u0161\u00edm odborn\u00e9m a jin\u00e9m vzd\u011bl\u00e1v\u00e1n\u00ed (\u0161kolsk\u00fd z\u00e1kon), ve zn\u011bn\u00ed pozd\u011bj\u0161\u00edch p\u0159edpis\u016f. V \u00a7 47 odst. 1 prvn\u00ed v\u011bta zn\u00ed: \u201eObec, svazek obc\u00ed, kraj a registrovan\u00e1 c\u00edrkev a n\u00e1bo\u017eensk\u00e1 spole\u010dnost, kter\u00e9 bylo [&hellip;]\" \/>\n<meta property=\"og:url\" content=\"https:\/\/zsjosefov.cz\/?page_id=622\" \/>\n<meta property=\"og:site_name\" content=\"Z\u00e1kladn\u00ed \u0161kola Jarom\u011b\u0159 - Josefov\" \/>\n<meta property=\"article:modified_time\" content=\"2024-10-31T21:23:23+00:00\" \/>\n<meta name=\"twitter:card\" content=\"summary_large_image\" \/>\n<meta name=\"twitter:label1\" content=\"Odhadovan\u00e1 doba \u010dten\u00ed\" \/>\n\t<meta name=\"twitter:data1\" content=\"3 minuty\" \/>\n<script type=\"application\/ld+json\" class=\"yoast-schema-graph\">{\"@context\":\"https:\/\/schema.org\",\"@graph\":[{\"@type\":\"WebPage\",\"@id\":\"https:\/\/zsjosefov.cz\/?page_id=622\",\"url\":\"https:\/\/zsjosefov.cz\/?page_id=622\",\"name\":\"P\u0159\u00edpravn\u00e1 t\u0159\u00edda - Z\u00e1kladn\u00ed \u0161kola Jarom\u011b\u0159 - Josefov\",\"isPartOf\":{\"@id\":\"https:\/\/dev.zsjosefov.cz\/#website\"},\"datePublished\":\"2024-05-23T21:53:56+00:00\",\"dateModified\":\"2024-10-31T21:23:23+00:00\",\"breadcrumb\":{\"@id\":\"https:\/\/zsjosefov.cz\/?page_id=622#breadcrumb\"},\"inLanguage\":\"cs\",\"potentialAction\":[{\"@type\":\"ReadAction\",\"target\":[\"https:\/\/zsjosefov.cz\/?page_id=622\"]}]},{\"@type\":\"BreadcrumbList\",\"@id\":\"https:\/\/zsjosefov.cz\/?page_id=622#breadcrumb\",\"itemListElement\":[{\"@type\":\"ListItem\",\"position\":1,\"name\":\"Dom\u016f\",\"item\":\"https:\/\/zsjosefov.cz\/\"},{\"@type\":\"ListItem\",\"position\":2,\"name\":\"P\u0159\u00edpravn\u00e1 t\u0159\u00edda\"}]},{\"@type\":\"WebSite\",\"@id\":\"https:\/\/dev.zsjosefov.cz\/#website\",\"url\":\"https:\/\/dev.zsjosefov.cz\/\",\"name\":\"Z\u00e1kladn\u00ed \u0161kola Jarom\u011b\u0159 - Josefov\",\"description\":\"\",\"potentialAction\":[{\"@type\":\"SearchAction\",\"target\":{\"@type\":\"EntryPoint\",\"urlTemplate\":\"https:\/\/dev.zsjosefov.cz\/?s={search_term_string}\"},\"query-input\":{\"@type\":\"PropertyValueSpecification\",\"valueRequired\":true,\"valueName\":\"search_term_string\"}}],\"inLanguage\":\"cs\"}]}<\/script>\n<!-- \/ Yoast SEO plugin. -->","yoast_head_json":{"title":"P\u0159\u00edpravn\u00e1 t\u0159\u00edda - Z\u00e1kladn\u00ed \u0161kola Jarom\u011b\u0159 - Josefov","robots":{"index":"index","follow":"follow","max-snippet":"max-snippet:-1","max-image-preview":"max-image-preview:large","max-video-preview":"max-video-preview:-1"},"canonical":"https:\/\/zsjosefov.cz\/?page_id=622","og_locale":"cs_CZ","og_type":"article","og_title":"P\u0159\u00edpravn\u00e1 t\u0159\u00edda - Z\u00e1kladn\u00ed \u0161kola Jarom\u011b\u0159 - Josefov","og_description":"P\u0158\u00cdPRAVN\u00c1 T\u0158\u00cdDA PRO \u0160KOLN\u00cd ROK 2025\/2026 Podm\u00ednky pro p\u0159ijet\u00ed \u017e\u00e1k\u016f do p\u0159\u00edpravn\u00e9 t\u0159\u00eddy stanovuje\u00a0\u00a7 47 odst. 1\u00a0z\u00e1kona \u010d. 561\/2004 Sb., o p\u0159ed\u0161koln\u00edm, z\u00e1kladn\u00edm, st\u0159edn\u00edm, vy\u0161\u0161\u00edm odborn\u00e9m a jin\u00e9m vzd\u011bl\u00e1v\u00e1n\u00ed (\u0161kolsk\u00fd z\u00e1kon), ve zn\u011bn\u00ed pozd\u011bj\u0161\u00edch p\u0159edpis\u016f. V \u00a7 47 odst. 1 prvn\u00ed v\u011bta zn\u00ed: \u201eObec, svazek obc\u00ed, kraj a registrovan\u00e1 c\u00edrkev a n\u00e1bo\u017eensk\u00e1 spole\u010dnost, kter\u00e9 bylo [&hellip;]","og_url":"https:\/\/zsjosefov.cz\/?page_id=622","og_site_name":"Z\u00e1kladn\u00ed \u0161kola Jarom\u011b\u0159 - Josefov","article_modified_time":"2024-10-31T21:23:23+00:00","twitter_card":"summary_large_image","twitter_misc":{"Odhadovan\u00e1 doba \u010dten\u00ed":"3 minuty"},"schema":{"@context":"https:\/\/schema.org","@graph":[{"@type":"WebPage","@id":"https:\/\/zsjosefov.cz\/?page_id=622","url":"https:\/\/zsjosefov.cz\/?page_id=622","name":"P\u0159\u00edpravn\u00e1 t\u0159\u00edda - Z\u00e1kladn\u00ed \u0161kola Jarom\u011b\u0159 - Josefov","isPartOf":{"@id":"https:\/\/dev.zsjosefov.cz\/#website"},"datePublished":"2024-05-23T21:53:56+00:00","dateModified":"2024-10-31T21:23:23+00:00","breadcrumb":{"@id":"https:\/\/zsjosefov.cz\/?page_id=622#breadcrumb"},"inLanguage":"cs","potentialAction":[{"@type":"ReadAction","target":["https:\/\/zsjosefov.cz\/?page_id=622"]}]},{"@type":"BreadcrumbList","@id":"https:\/\/zsjosefov.cz\/?page_id=622#breadcrumb","itemListElement":[{"@type":"ListItem","position":1,"name":"Dom\u016f","item":"https:\/\/zsjosefov.cz\/"},{"@type":"ListItem","position":2,"name":"P\u0159\u00edpravn\u00e1 t\u0159\u00edda"}]},{"@type":"WebSite","@id":"https:\/\/dev.zsjosefov.cz\/#website","url":"https:\/\/dev.zsjosefov.cz\/","name":"Z\u00e1kladn\u00ed \u0161kola Jarom\u011b\u0159 - Josefov","description":"","potentialAction":[{"@type":"SearchAction","target":{"@type":"EntryPoint","urlTemplate":"https:\/\/dev.zsjosefov.cz\/?s={search_term_string}"},"query-input":{"@type":"PropertyValueSpecification","valueRequired":true,"valueName":"search_term_string"}}],"inLanguage":"cs"}]}},"_links":{"self":[{"href":"https:\/\/zsjosefov.cz\/index.php?rest_route=\/wp\/v2\/pages\/622","targetHints":{"allow":["GET"]}}],"collection":[{"href":"https:\/\/zsjosefov.cz\/index.php?rest_route=\/wp\/v2\/pages"}],"about":[{"href":"https:\/\/zsjosefov.cz\/index.php?rest_route=\/wp\/v2\/types\/page"}],"author":[{"embeddable":true,"href":"https:\/\/zsjosefov.cz\/index.php?rest_route=\/wp\/v2\/users\/1"}],"replies":[{"embeddable":true,"href":"https:\/\/zsjosefov.cz\/index.php?rest_route=%2Fwp%2Fv2%2Fcomments&post=622"}],"version-history":[{"count":25,"href":"https:\/\/zsjosefov.cz\/index.php?rest_route=\/wp\/v2\/pages\/622\/revisions"}],"predecessor-version":[{"id":1216,"href":"https:\/\/zsjosefov.cz\/index.php?rest_route=\/wp\/v2\/pages\/622\/revisions\/1216"}],"wp:attachment":[{"href":"https:\/\/zsjosefov.cz\/index.php?rest_route=%2Fwp%2Fv2%2Fmedia&parent=622"}],"curies":[{"name":"wp","href":"https:\/\/api.w.org\/{rel}","templated":true}]}}